{"id":12,"date":"2014-06-21T12:10:27","date_gmt":"2014-06-21T11:10:27","guid":{"rendered":"http:\/\/gaellesalakenos.be\/?page_id=12"},"modified":"2022-04-01T09:16:55","modified_gmt":"2022-04-01T08:16:55","slug":"activites","status":"publish","type":"page","link":"http:\/\/gaellesalakenos.be\/?page_id=12","title":{"rendered":"Activit\u00e9s"},"content":{"rendered":"<h3><span style=\"color: #ff9900;\"><strong>Probl\u00e9matiques trait\u00e9es<\/strong><\/span><\/h3>\n<div class='shortcode col2-1 first'> <span style=\"color: #ff9900;\"><strong>Bien-\u00eatre et d\u00e9veloppement personnel<\/strong><\/span><\/p>\n<ul>\n<li>Mal-\u00eatre,<\/li>\n<li>Insatisfaction g\u00e9n\u00e9rale,<\/li>\n<li>\u00ab\u00a0Crise de vie\u00a0\u00bb et remise en question importantes,<\/li>\n<li>Gestion du stress,<\/li>\n<li>Gestion des \u00e9motions,<\/li>\n<li>Affirmation de soi,<\/li>\n<li>Probl\u00e8mes affectifs et\/ou relationnels,<\/li>\n<li>Traumatismes,<\/li>\n<li>Confiance en soi, estime de soi, image de soi,&#8230;<\/li>\n<\/ul>\n<\/div><code><\/code><div class='shortcode col2-1'> <span style=\"color: #ff9900;\"><strong>Troubles alimentaires et r\u00e9gimes<\/strong><\/span><\/p>\n<ul>\n<li>Anorexie,<\/li>\n<li>Boulimie,<\/li>\n<li>Hyperphagie,<\/li>\n<li>Compulsions alimentaires,<\/li>\n<li>R\u00e9gimes sans faim\/fin ou yoyos,&#8230;<\/li>\n<\/ul>\n<\/div>\n<h3 style=\"text-align: justify;\"><\/h3>\n<h3 style=\"text-align: justify;\"><span style=\"color: #ff9900;\"><strong><div class='shortcode col2-1 first'>Outils de travail<\/strong><\/span><\/h3>\n<h3 style=\"text-align: justify;\"><span style=\"color: #ff9900;\"><strong><\/div><div class='shortcode col2-1'><\/strong><\/span><\/h3>\n<h3><\/div><\/h3>\n<h3 style=\"text-align: justify;\"><\/h3>\n<p style=\"text-align: justify;\"><div class='shortcode col2-1 first'><strong><span style=\"color: #ff9900;\">Th\u00e9rapie<\/span><\/strong> Ma pratique clinique est d&rsquo;inspiration Rog\u00e9rienne, qui est une approche centr\u00e9e sur la personne. Les mots cl\u00e9s la caract\u00e9risant, et qui me tiennent particuli\u00e8rement \u00e0 c\u0153ur, sont l&rsquo;\u00e9coute empathique, l&rsquo;authenticit\u00e9 et le non-jugement. Mon approche th\u00e9rapeutique prend \u00e9galement sa source dans deux courants importants de la psychologie. Premi\u00e8rement, j&rsquo;utilise l&rsquo;approche Syst\u00e9mique, c&rsquo;est-\u00e0-dire qui accorde de l&rsquo;importance aux diff\u00e9rents syst\u00e8mes \u2013 professionnel, familial, social, etc. \u2013 qui interagissent entre eux et au sein desquels la personne \u00e9volue. J&rsquo;utilise \u00e9galement des outils relevant de la th\u00e9rapie Cognitivo-comportementale : travail sur l&rsquo;ici et maintenant, dans le concret et l&rsquo;imm\u00e9diat de la situation.<\/p>\n<p style=\"text-align: justify;\">Lors de la premi\u00e8re s\u00e9ance, une analyse de la demande et une d\u00e9finition des difficult\u00e9s que rencontre la personne est n\u00e9cessairement effectu\u00e9e. Nous ciblons d\u00e8s lors les objectifs ensemble, \u00e0 court ou long terme, qu\u2019elle souhaite atteindre, et mettons ensuite en place un travail adapt\u00e9 \u00e0 sa situation. Cela n\u00e9cessite l\u2019implication active de la personne. Toutefois, la mise en place d&rsquo;objectifs n&rsquo;est pas indispensable, je propose avant tout un espace de parole o\u00f9 tout peut \u00eatre re\u00e7u et entendu. Je tiens \u00e0 souligner que le travail entrepris se fait dans un respect mutuel et un non-jugement, valeurs indispensables au succ\u00e8s de la relation entretenue. <\/div>\n<p style=\"text-align: justify;\"><div class='shortcode col2-1'><span style=\"color: #ff9900;\"><strong>EMDR\u00a0<\/strong><span style=\"color: #000000;\">L&rsquo;EMDR est une approche unique qui permet d&rsquo;aller d\u00e9nouer des traumatismes, v\u00e9cus non dig\u00e9r\u00e9s et qui continuent \u00e0 avoir un impact n\u00e9faste sur votre quotidien. Cette approche prend en compte les pens\u00e9es, \u00e9motions, sensations corporelles. Elle permet une r\u00e9elle gu\u00e9rison en profondeur et permet d&rsquo;arr\u00eater, entre autres, les cercles vicieux qui prennent tant d&rsquo;\u00e9nergie<\/span><\/span><span style=\"color: #ff9900;\"><span style=\"color: #000000;\">.<\/span><\/span><\/div>\n<div id=\"themify_builder_content-12\" data-postid=\"12\" class=\"themify_builder_content themify_builder_content-12 themify_builder themify_builder_front\">\n\t\n\t\n<\/div>\n<!-- \/themify_builder_content -->","protected":false},"excerpt":{"rendered":"<p>Probl\u00e9matiques trait\u00e9es<\/p>\n","protected":false},"author":1,"featured_media":0,"parent":0,"menu_order":0,"comment_status":"closed","ping_status":"closed","template":"","meta":{"footnotes":""},"_links":{"self":[{"href":"http:\/\/gaellesalakenos.be\/index.php?rest_route=\/wp\/v2\/pages\/12"}],"collection":[{"href":"http:\/\/gaellesalakenos.be\/index.php?rest_route=\/wp\/v2\/pages"}],"about":[{"href":"http:\/\/gaellesalakenos.be\/index.php?rest_route=\/wp\/v2\/types\/page"}],"author":[{"embeddable":true,"href":"http:\/\/gaellesalakenos.be\/index.php?rest_route=\/wp\/v2\/users\/1"}],"replies":[{"embeddable":true,"href":"http:\/\/gaellesalakenos.be\/index.php?rest_route=%2Fwp%2Fv2%2Fcomments&post=12"}],"version-history":[{"count":31,"href":"http:\/\/gaellesalakenos.be\/index.php?rest_route=\/wp\/v2\/pages\/12\/revisions"}],"predecessor-version":[{"id":329,"href":"http:\/\/gaellesalakenos.be\/index.php?rest_route=\/wp\/v2\/pages\/12\/revisions\/329"}],"wp:attachment":[{"href":"http:\/\/gaellesalakenos.be\/index.php?rest_route=%2Fwp%2Fv2%2Fmedia&parent=12"}],"curies":[{"name":"wp","href":"https:\/\/api.w.org\/{rel}","templated":true}]}}